{"id":1477,"date":"2021-12-09T20:44:01","date_gmt":"2021-12-09T19:44:01","guid":{"rendered":"https:\/\/www3.archidiecezja.lodz.pl\/akw-it\/?page_id=1477"},"modified":"2026-04-12T20:01:04","modified_gmt":"2026-04-12T18:01:04","slug":"studia-magisterskie","status":"publish","type":"page","link":"https:\/\/www3.archidiecezja.lodz.pl\/akw-it\/?page_id=1477","title":{"rendered":"Studia magisterskie"},"content":{"rendered":"\t\t<div data-elementor-type=\"wp-page\" data-elementor-id=\"1477\" class=\"elementor elementor-1477\">\n\t\t\t\t\t\t<section class=\"elementor-section elementor-top-section elementor-element elementor-element-c753e51 elementor-section-boxed elementor-section-height-default elementor-section-height-default\" data-id=\"c753e51\" data-element_type=\"section\" data-e-type=\"section\">\n\t\t\t\t\t\t<div class=\"elementor-container elementor-column-gap-default\">\n\t\t\t\t\t<div class=\"elementor-column elementor-col-100 elementor-top-column elementor-element elementor-element-31aaeac\" data-id=\"31aaeac\" data-element_type=\"column\" data-e-type=\"column\">\n\t\t\t<div class=\"elementor-widget-wrap elementor-element-populated\">\n\t\t\t\t\t\t<div class=\"elementor-element elementor-element-276ca7a elementor-widget elementor-widget-heading\" data-id=\"276ca7a\" data-element_type=\"widget\" data-e-type=\"widget\" id=\"rekrutacja\" data-widget_type=\"heading.default\">\n\t\t\t\t<div class=\"elementor-widget-container\">\n\t\t\t\t\t<h2 class=\"elementor-heading-title elementor-size-default\">Informacja o rekrutacji na studia<\/h2>\t\t\t\t<\/div>\n\t\t\t\t<\/div>\n\t\t\t\t\t<\/div>\n\t\t<\/div>\n\t\t\t\t\t<\/div>\n\t\t<\/section>\n\t\t\t\t<section class=\"elementor-section elementor-top-section elementor-element elementor-element-dd30e79 elementor-section-boxed elementor-section-height-default elementor-section-height-default\" data-id=\"dd30e79\" data-element_type=\"section\" data-e-type=\"section\">\n\t\t\t\t\t\t<div class=\"elementor-container elementor-column-gap-default\">\n\t\t\t\t\t<div class=\"elementor-column elementor-col-100 elementor-top-column elementor-element elementor-element-eb82982\" data-id=\"eb82982\" data-element_type=\"column\" data-e-type=\"column\">\n\t\t\t<div class=\"elementor-widget-wrap elementor-element-populated\">\n\t\t\t\t\t\t<div class=\"elementor-element elementor-element-637306a elementor-widget elementor-widget-heading\" data-id=\"637306a\" data-element_type=\"widget\" data-e-type=\"widget\" data-widget_type=\"heading.default\">\n\t\t\t\t<div class=\"elementor-widget-container\">\n\t\t\t\t\t<h4 class=\"elementor-heading-title elementor-size-default\">w Instytucie Teologicznym w \u0141odzi<\/h4>\t\t\t\t<\/div>\n\t\t\t\t<\/div>\n\t\t\t\t\t<\/div>\n\t\t<\/div>\n\t\t\t\t\t<\/div>\n\t\t<\/section>\n\t\t\t\t<section class=\"elementor-section elementor-top-section elementor-element elementor-element-39efd86 elementor-section-boxed elementor-section-height-default elementor-section-height-default\" data-id=\"39efd86\" data-element_type=\"section\" data-e-type=\"section\">\n\t\t\t\t\t\t<div class=\"elementor-container elementor-column-gap-default\">\n\t\t\t\t\t<div class=\"elementor-column elementor-col-100 elementor-top-column elementor-element elementor-element-0c33542\" data-id=\"0c33542\" data-element_type=\"column\" data-e-type=\"column\">\n\t\t\t<div class=\"elementor-widget-wrap elementor-element-populated\">\n\t\t\t\t\t\t<div class=\"elementor-element elementor-element-497dcef elementor-widget elementor-widget-text-editor\" data-id=\"497dcef\" data-element_type=\"widget\" data-e-type=\"widget\" data-widget_type=\"text-editor.default\">\n\t\t\t\t<div class=\"elementor-widget-container\">\n\t\t\t\t\t\t\t\t\t<p>Instytut Teologiczny w \u0141odzi prowadzi edukacj\u0119 intelektualn\u0105 i formacj\u0119 duchow\u0105 os\u00f3b \u015bwieckich, zakonnych oraz duchownych, kt\u00f3rej celem jest budowanie harmonii mi\u0119dzy nauk\u0105 i wiar\u0105.<\/p><p>Studia w Instytucie Teologicznym prowadzone s\u0105 na postawie umowy o afiliacji do Papieskiego Wydzia\u0142u Teologicznego w Warszawie b\u0119d\u0105cego uczelni\u0105 ko\u015bcieln\u0105 na prawach pa\u0144stwowych, dzia\u0142aj\u0105c\u0105 w oparciu o statuty zatwierdzone przez Stolic\u0119 Apostolsk\u0105.<\/p>\t\t\t\t\t\t\t\t<\/div>\n\t\t\t\t<\/div>\n\t\t\t\t\t<\/div>\n\t\t<\/div>\n\t\t\t\t\t<\/div>\n\t\t<\/section>\n\t\t\t\t<section class=\"elementor-section elementor-top-section elementor-element elementor-element-7d1c3e7 elementor-section-boxed elementor-section-height-default elementor-section-height-default\" data-id=\"7d1c3e7\" data-element_type=\"section\" data-e-type=\"section\">\n\t\t\t\t\t\t<div class=\"elementor-container elementor-column-gap-default\">\n\t\t\t\t\t<div class=\"elementor-column elementor-col-100 elementor-top-column elementor-element elementor-element-6cb69ab\" data-id=\"6cb69ab\" data-element_type=\"column\" data-e-type=\"column\">\n\t\t\t<div class=\"elementor-widget-wrap elementor-element-populated\">\n\t\t\t\t\t\t<div class=\"elementor-element elementor-element-1a6190f elementor-widget-divider--view-line elementor-widget elementor-widget-divider\" data-id=\"1a6190f\" data-element_type=\"widget\" data-e-type=\"widget\" data-widget_type=\"divider.default\">\n\t\t\t\t<div class=\"elementor-widget-container\">\n\t\t\t\t\t\t\t<div class=\"elementor-divider\">\n\t\t\t<span class=\"elementor-divider-separator\">\n\t\t\t\t\t\t<\/span>\n\t\t<\/div>\n\t\t\t\t\t\t<\/div>\n\t\t\t\t<\/div>\n\t\t\t\t<section class=\"elementor-section elementor-inner-section elementor-element elementor-element-561b4a8 elementor-section-boxed elementor-section-height-default elementor-section-height-default\" data-id=\"561b4a8\" data-element_type=\"section\" data-e-type=\"section\">\n\t\t\t\t\t\t<div class=\"elementor-container elementor-column-gap-default\">\n\t\t\t\t\t<div class=\"elementor-column elementor-col-50 elementor-inner-column elementor-element elementor-element-d2d12dd\" data-id=\"d2d12dd\" data-element_type=\"column\" data-e-type=\"column\">\n\t\t\t<div class=\"elementor-widget-wrap elementor-element-populated\">\n\t\t\t\t\t\t<div class=\"elementor-element elementor-element-42e6d93 elementor-widget elementor-widget-heading\" data-id=\"42e6d93\" data-element_type=\"widget\" data-e-type=\"widget\" data-widget_type=\"heading.default\">\n\t\t\t\t<div class=\"elementor-widget-container\">\n\t\t\t\t\t<h4 class=\"elementor-heading-title elementor-size-default\">Zaoczne jednorodne studia magisterskie<\/h4>\t\t\t\t<\/div>\n\t\t\t\t<\/div>\n\t\t\t\t<div class=\"elementor-element elementor-element-4417717 elementor-widget elementor-widget-text-editor\" data-id=\"4417717\" data-element_type=\"widget\" data-e-type=\"widget\" data-widget_type=\"text-editor.default\">\n\t\t\t\t<div class=\"elementor-widget-container\">\n\t\t\t\t\t\t\t\t\t<p>Studia trwaja\u0328 szes\u0301c\u0301 lat. Umoz\u0307liwiaja\u0328 nabycie uprawnien\u0301 pedagogicznych. Kon\u0301cza\u0328 sie\u0328 uzyskaniem stopnia magistra teologii. Absolwenci otrzymuja\u0328 kwalifikacje i uprawnienia do nauczania religii we wszystkich typach szko\u0301\u0142.<br \/><strong>UWAGA:<\/strong>\u00a0warunkiem uruchomienia studio\u0301w jest zg\u0142oszenie sie\u0328 przynajmniej 5 kandydato\u0301w.<\/p>\t\t\t\t\t\t\t\t<\/div>\n\t\t\t\t<\/div>\n\t\t\t\t\t<\/div>\n\t\t<\/div>\n\t\t\t\t<div class=\"elementor-column elementor-col-50 elementor-inner-column elementor-element elementor-element-0fe0451\" data-id=\"0fe0451\" data-element_type=\"column\" data-e-type=\"column\">\n\t\t\t<div class=\"elementor-widget-wrap elementor-element-populated\">\n\t\t\t\t\t\t<div class=\"elementor-element elementor-element-e6d1907 elementor-align-justify elementor-widget elementor-widget-button\" data-id=\"e6d1907\" data-element_type=\"widget\" data-e-type=\"widget\" data-widget_type=\"button.default\">\n\t\t\t\t<div class=\"elementor-widget-container\">\n\t\t\t\t\t\t\t\t\t<div class=\"elementor-button-wrapper\">\n\t\t\t\t\t<a class=\"elementor-button elementor-button-link elementor-size-md\" href=\"https:\/\/www3.archidiecezja.lodz.pl\/akw-it\/wp-content\/uploads\/2025\/05\/Informator-na-studia-MAGISTERSKIE-2025-2026-2-str.pdf\" target=\"_blank\">\n\t\t\t\t\t\t<span class=\"elementor-button-content-wrapper\">\n\t\t\t\t\t\t\t\t\t<span class=\"elementor-button-text\">Folder informacyjny (rekrutacja) 2025\/2026<\/span>\n\t\t\t\t\t<\/span>\n\t\t\t\t\t<\/a>\n\t\t\t\t<\/div>\n\t\t\t\t\t\t\t\t<\/div>\n\t\t\t\t<\/div>\n\t\t\t\t<div class=\"elementor-element elementor-element-926f352 elementor-align-center elementor-widget elementor-widget-button\" data-id=\"926f352\" data-element_type=\"widget\" data-e-type=\"widget\" data-widget_type=\"button.default\">\n\t\t\t\t<div class=\"elementor-widget-container\">\n\t\t\t\t\t\t\t\t\t<div class=\"elementor-button-wrapper\">\n\t\t\t\t\t<a class=\"elementor-button elementor-button-link elementor-size-sm\" href=\"https:\/\/www3.archidiecezja.lodz.pl\/akw-it\/wp-content\/uploads\/2023\/01\/Ankieta-personalna-od-2023-AKW-IT.pdf\" target=\"_blank\">\n\t\t\t\t\t\t<span class=\"elementor-button-content-wrapper\">\n\t\t\t\t\t\t\t\t\t<span class=\"elementor-button-text\">Ankieta personalna<\/span>\n\t\t\t\t\t<\/span>\n\t\t\t\t\t<\/a>\n\t\t\t\t<\/div>\n\t\t\t\t\t\t\t\t<\/div>\n\t\t\t\t<\/div>\n\t\t\t\t<div class=\"elementor-element elementor-element-a0a8059 elementor-align-justify elementor-widget elementor-widget-button\" data-id=\"a0a8059\" data-element_type=\"widget\" data-e-type=\"widget\" data-widget_type=\"button.default\">\n\t\t\t\t<div class=\"elementor-widget-container\">\n\t\t\t\t\t\t\t\t\t<div class=\"elementor-button-wrapper\">\n\t\t\t\t\t<a class=\"elementor-button elementor-button-link elementor-size-md\" href=\"https:\/\/www3.archidiecezja.lodz.pl\/akw-it\/wp-content\/uploads\/2026\/04\/Zgoda-na-przetwarzanie-danych-RODO-IV-2026-AKW-IT.pdf\" target=\"_blank\">\n\t\t\t\t\t\t<span class=\"elementor-button-content-wrapper\">\n\t\t\t\t\t\t\t\t\t<span class=\"elementor-button-text\">Zgoda na przetwarzanie danych osobowych (RODO)<\/span>\n\t\t\t\t\t<\/span>\n\t\t\t\t\t<\/a>\n\t\t\t\t<\/div>\n\t\t\t\t\t\t\t\t<\/div>\n\t\t\t\t<\/div>\n\t\t\t\t<div class=\"elementor-element elementor-element-7fb2166 elementor-align-center elementor-widget__width-initial elementor-widget elementor-widget-button\" data-id=\"7fb2166\" data-element_type=\"widget\" data-e-type=\"widget\" data-widget_type=\"button.default\">\n\t\t\t\t<div class=\"elementor-widget-container\">\n\t\t\t\t\t\t\t\t\t<div class=\"elementor-button-wrapper\">\n\t\t\t\t\t<a class=\"elementor-button elementor-button-link elementor-size-sm\" href=\"https:\/\/www3.archidiecezja.lodz.pl\/akw-it\/wp-content\/uploads\/2026\/04\/KLAUZULA-INFORMACYJNA-IV-2026.pdf\">\n\t\t\t\t\t\t<span class=\"elementor-button-content-wrapper\">\n\t\t\t\t\t\t\t\t\t<span class=\"elementor-button-text\">Klauzula informacyjna (do RODO)<\/span>\n\t\t\t\t\t<\/span>\n\t\t\t\t\t<\/a>\n\t\t\t\t<\/div>\n\t\t\t\t\t\t\t\t<\/div>\n\t\t\t\t<\/div>\n\t\t\t\t\t<\/div>\n\t\t<\/div>\n\t\t\t\t\t<\/div>\n\t\t<\/section>\n\t\t\t\t<div class=\"elementor-element elementor-element-ed10cfe elementor-align-center elementor-widget elementor-widget-button\" data-id=\"ed10cfe\" data-element_type=\"widget\" data-e-type=\"widget\" data-widget_type=\"button.default\">\n\t\t\t\t<div class=\"elementor-widget-container\">\n\t\t\t\t\t\t\t\t\t<div class=\"elementor-button-wrapper\">\n\t\t\t\t\t<a class=\"elementor-button elementor-button-link elementor-size-sm\" href=\"https:\/\/www3.archidiecezja.lodz.pl\/akw-it\/wp-content\/uploads\/2022\/06\/Uchwala.pdf\" target=\"_blank\">\n\t\t\t\t\t\t<span class=\"elementor-button-content-wrapper\">\n\t\t\t\t\t\t\t\t\t<span class=\"elementor-button-text\">Uchwa\u0142a Konferencji Episkopatu Polski z dnia 7 czerwca 2016 roku.<br>Wymogi kszta\u0142cenia nauczycieli religii<\/span>\n\t\t\t\t\t<\/span>\n\t\t\t\t\t<\/a>\n\t\t\t\t<\/div>\n\t\t\t\t\t\t\t\t<\/div>\n\t\t\t\t<\/div>\n\t\t\t\t\t<\/div>\n\t\t<\/div>\n\t\t\t\t\t<\/div>\n\t\t<\/section>\n\t\t\t\t<section class=\"elementor-section elementor-top-section elementor-element elementor-element-3a73438 elementor-section-boxed elementor-section-height-default elementor-section-height-default\" data-id=\"3a73438\" data-element_type=\"section\" data-e-type=\"section\">\n\t\t\t\t\t\t<div class=\"elementor-container elementor-column-gap-default\">\n\t\t\t\t\t<div class=\"elementor-column elementor-col-100 elementor-top-column elementor-element elementor-element-3ffe0c3\" data-id=\"3ffe0c3\" data-element_type=\"column\" data-e-type=\"column\">\n\t\t\t<div class=\"elementor-widget-wrap elementor-element-populated\">\n\t\t\t\t\t\t<div class=\"elementor-element elementor-element-3edbfc5 elementor-widget elementor-widget-button\" data-id=\"3edbfc5\" data-element_type=\"widget\" data-e-type=\"widget\" data-widget_type=\"button.default\">\n\t\t\t\t<div class=\"elementor-widget-container\">\n\t\t\t\t\t\t\t\t\t<div class=\"elementor-button-wrapper\">\n\t\t\t\t\t<a class=\"elementor-button elementor-button-link elementor-size-sm\" href=\"https:\/\/www3.archidiecezja.lodz.pl\/akw-it\/wp-content\/uploads\/2023\/04\/Program-nauczania-Studia-magisterskie.pdf\" target=\"_blank\">\n\t\t\t\t\t\t<span class=\"elementor-button-content-wrapper\">\n\t\t\t\t\t\t\t\t\t<span class=\"elementor-button-text\">Program studi\u00f3w aktualny<br> wchodz\u0105cy sukcesywnie  od roku akademickiego 2022\/2023<\/span>\n\t\t\t\t\t<\/span>\n\t\t\t\t\t<\/a>\n\t\t\t\t<\/div>\n\t\t\t\t\t\t\t\t<\/div>\n\t\t\t\t<\/div>\n\t\t\t\t<div class=\"elementor-element elementor-element-b688424 elementor-align-right elementor-widget elementor-widget-button\" data-id=\"b688424\" data-element_type=\"widget\" data-e-type=\"widget\" data-widget_type=\"button.default\">\n\t\t\t\t<div class=\"elementor-widget-container\">\n\t\t\t\t\t\t\t\t\t<div class=\"elementor-button-wrapper\">\n\t\t\t\t\t<a class=\"elementor-button elementor-button-link elementor-size-sm\" href=\"https:\/\/www3.archidiecezja.lodz.pl\/akw-it\/wp-content\/uploads\/2024\/09\/Pomoc-materialna-AKW-www.pdf\">\n\t\t\t\t\t\t<span class=\"elementor-button-content-wrapper\">\n\t\t\t\t\t\t\t\t\t<span class=\"elementor-button-text\">Pomoc materialna studentom<\/span>\n\t\t\t\t\t<\/span>\n\t\t\t\t\t<\/a>\n\t\t\t\t<\/div>\n\t\t\t\t\t\t\t\t<\/div>\n\t\t\t\t<\/div>\n\t\t\t\t<div class=\"elementor-element elementor-element-82cce10 elementor-widget elementor-widget-heading\" data-id=\"82cce10\" data-element_type=\"widget\" data-e-type=\"widget\" id=\"plan\" data-widget_type=\"heading.default\">\n\t\t\t\t<div class=\"elementor-widget-container\">\n\t\t\t\t\t<h2 class=\"elementor-heading-title elementor-size-default\"><a href=\"https:\/\/www3.archidiecezja.lodz.pl\/akw-it\/wp-content\/uploads\/2024\/09\/Plan-mgr-na-pazdziernik-2025.pdf\"><br>Plan zaj\u0119\u0107 na studiach magisterskich niestacjonarnych - 2025\/2026<\/a><\/h2>\t\t\t\t<\/div>\n\t\t\t\t<\/div>\n\t\t\t\t<div class=\"elementor-element elementor-element-e84bff0 elementor-widget elementor-widget-text-editor\" data-id=\"e84bff0\" data-element_type=\"widget\" data-e-type=\"widget\" data-widget_type=\"text-editor.default\">\n\t\t\t\t<div class=\"elementor-widget-container\">\n\t\t\t\t\t\t\t\t\t<p>Plan zaj\u0119\u0107 rozpisany na ca\u0142y rok b\u0119dzie wywieszony na tablicy og\u0142osze\u0144, a dla ch\u0119tnych &#8211; skserowany do wzi\u0119cia z sekretariatu.<\/p>\t\t\t\t\t\t\t\t<\/div>\n\t\t\t\t<\/div>\n\t\t\t\t<div class=\"elementor-element elementor-element-fdfdf9f elementor-align-left elementor-widget elementor-widget-button\" data-id=\"fdfdf9f\" data-element_type=\"widget\" data-e-type=\"widget\" data-widget_type=\"button.default\">\n\t\t\t\t<div class=\"elementor-widget-container\">\n\t\t\t\t\t\t\t\t\t<div class=\"elementor-button-wrapper\">\n\t\t\t\t\t<a class=\"elementor-button elementor-button-link elementor-size-md\" href=\"https:\/\/www3.archidiecezja.lodz.pl\/akw-it\/wp-content\/uploads\/2025\/10\/Plan-mgr-z-27-IX-na-X-2025.docx\" target=\"_blank\">\n\t\t\t\t\t\t<span class=\"elementor-button-content-wrapper\">\n\t\t\t\t\t\t\t\t\t<span class=\"elementor-button-text\">Plan zaj\u0119\u0107 studi\u00f3w magisterskich 2025\/2026 (tylko pa\u017adziernik)<\/span>\n\t\t\t\t\t<\/span>\n\t\t\t\t\t<\/a>\n\t\t\t\t<\/div>\n\t\t\t\t\t\t\t\t<\/div>\n\t\t\t\t<\/div>\n\t\t\t\t\t<\/div>\n\t\t<\/div>\n\t\t\t\t\t<\/div>\n\t\t<\/section>\n\t\t\t\t<section class=\"elementor-section elementor-top-section elementor-element elementor-element-e10b0b1 elementor-section-boxed elementor-section-height-default elementor-section-height-default\" data-id=\"e10b0b1\" data-element_type=\"section\" data-e-type=\"section\">\n\t\t\t\t\t\t<div class=\"elementor-container elementor-column-gap-default\">\n\t\t\t\t\t<div class=\"elementor-column elementor-col-100 elementor-top-column elementor-element elementor-element-d52f675\" data-id=\"d52f675\" data-element_type=\"column\" data-e-type=\"column\">\n\t\t\t<div class=\"elementor-widget-wrap elementor-element-populated\">\n\t\t\t\t\t\t<div class=\"elementor-element elementor-element-45a605d elementor-widget elementor-widget-heading\" data-id=\"45a605d\" data-element_type=\"widget\" data-e-type=\"widget\" id=\"formularze\" data-widget_type=\"heading.default\">\n\t\t\t\t<div class=\"elementor-widget-container\">\n\t\t\t\t\t<h2 class=\"elementor-heading-title elementor-size-default\">Formularze i wzory pism<\/h2>\t\t\t\t<\/div>\n\t\t\t\t<\/div>\n\t\t\t\t<section class=\"elementor-section elementor-inner-section elementor-element elementor-element-11b8964 elementor-section-boxed elementor-section-height-default elementor-section-height-default\" data-id=\"11b8964\" data-element_type=\"section\" data-e-type=\"section\">\n\t\t\t\t\t\t<div class=\"elementor-container elementor-column-gap-default\">\n\t\t\t\t\t<div class=\"elementor-column elementor-col-50 elementor-inner-column elementor-element elementor-element-9e0aba2\" data-id=\"9e0aba2\" data-element_type=\"column\" data-e-type=\"column\">\n\t\t\t<div class=\"elementor-widget-wrap elementor-element-populated\">\n\t\t\t\t\t\t<div class=\"elementor-element elementor-element-0d31aa5 elementor-align-justify elementor-widget elementor-widget-button\" data-id=\"0d31aa5\" data-element_type=\"widget\" data-e-type=\"widget\" data-widget_type=\"button.default\">\n\t\t\t\t<div class=\"elementor-widget-container\">\n\t\t\t\t\t\t\t\t\t<div class=\"elementor-button-wrapper\">\n\t\t\t\t\t<a class=\"elementor-button elementor-button-link elementor-size-md\" href=\"https:\/\/akademiakatolicka.pl\/magisterium\/\" target=\"_blank\">\n\t\t\t\t\t\t<span class=\"elementor-button-content-wrapper\">\n\t\t\t\t\t\t\t\t\t<span class=\"elementor-button-text\">Strona AKW<\/span>\n\t\t\t\t\t<\/span>\n\t\t\t\t\t<\/a>\n\t\t\t\t<\/div>\n\t\t\t\t\t\t\t\t<\/div>\n\t\t\t\t<\/div>\n\t\t\t\t\t<\/div>\n\t\t<\/div>\n\t\t\t\t<div class=\"elementor-column elementor-col-50 elementor-inner-column elementor-element elementor-element-1aa05d2\" data-id=\"1aa05d2\" data-element_type=\"column\" data-e-type=\"column\">\n\t\t\t<div class=\"elementor-widget-wrap elementor-element-populated\">\n\t\t\t\t\t\t<div class=\"elementor-element elementor-element-9ae6687 elementor-align-justify elementor-widget elementor-widget-button\" data-id=\"9ae6687\" data-element_type=\"widget\" data-e-type=\"widget\" data-widget_type=\"button.default\">\n\t\t\t\t<div class=\"elementor-widget-container\">\n\t\t\t\t\t\t\t\t\t<div class=\"elementor-button-wrapper\">\n\t\t\t\t\t<a class=\"elementor-button elementor-button-link elementor-size-md\" href=\"https:\/\/akademiakatolicka.pl\/studia-niestacjonarne\/\" target=\"_blank\">\n\t\t\t\t\t\t<span class=\"elementor-button-content-wrapper\">\n\t\t\t\t\t\t\t\t\t<span class=\"elementor-button-text\">Studia niestacjonarne<\/span>\n\t\t\t\t\t<\/span>\n\t\t\t\t\t<\/a>\n\t\t\t\t<\/div>\n\t\t\t\t\t\t\t\t<\/div>\n\t\t\t\t<\/div>\n\t\t\t\t\t<\/div>\n\t\t<\/div>\n\t\t\t\t\t<\/div>\n\t\t<\/section>\n\t\t\t\t\t<\/div>\n\t\t<\/div>\n\t\t\t\t\t<\/div>\n\t\t<\/section>\n\t\t\t\t<section class=\"elementor-section elementor-top-section elementor-element elementor-element-e66bb0b elementor-section-boxed elementor-section-height-default elementor-section-height-default\" data-id=\"e66bb0b\" data-element_type=\"section\" data-e-type=\"section\">\n\t\t\t\t\t\t<div class=\"elementor-container elementor-column-gap-default\">\n\t\t\t\t\t<div class=\"elementor-column elementor-col-100 elementor-top-column elementor-element elementor-element-f2ec007\" data-id=\"f2ec007\" data-element_type=\"column\" data-e-type=\"column\">\n\t\t\t<div class=\"elementor-widget-wrap elementor-element-populated\">\n\t\t\t\t\t\t<div class=\"elementor-element elementor-element-c2729fd elementor-widget elementor-widget-heading\" data-id=\"c2729fd\" data-element_type=\"widget\" data-e-type=\"widget\" id=\"regulamin\" data-widget_type=\"heading.default\">\n\t\t\t\t<div class=\"elementor-widget-container\">\n\t\t\t\t\t<h2 class=\"elementor-heading-title elementor-size-default\">Regulamin studi\u00f3w na AKW<\/h2>\t\t\t\t<\/div>\n\t\t\t\t<\/div>\n\t\t\t\t<div class=\"elementor-element elementor-element-1c58400 elementor-widget elementor-widget-text-editor\" data-id=\"1c58400\" data-element_type=\"widget\" data-e-type=\"widget\" data-widget_type=\"text-editor.default\">\n\t\t\t\t<div class=\"elementor-widget-container\">\n\t\t\t\t\t\t\t\t\t<ul><li><a href=\"https:\/\/www3.archidiecezja.lodz.pl\/akw-it\/wp-content\/uploads\/2022\/06\/Regulamin-studiow-niestacjonarnych-2020.pdf\" target=\"_blank\" rel=\"noopener\">Regulamin studi\u00f3w niestacjonarnych Warszawa 2020 (obowi\u0105zuje od 1.10.2020)<\/a><\/li><\/ul>\t\t\t\t\t\t\t\t<\/div>\n\t\t\t\t<\/div>\n\t\t\t\t\t<\/div>\n\t\t<\/div>\n\t\t\t\t\t<\/div>\n\t\t<\/section>\n\t\t\t\t<section class=\"elementor-section elementor-top-section elementor-element elementor-element-d401cbf elementor-section-boxed elementor-section-height-default elementor-section-height-default\" data-id=\"d401cbf\" data-element_type=\"section\" data-e-type=\"section\">\n\t\t\t\t\t\t<div class=\"elementor-container elementor-column-gap-default\">\n\t\t\t\t\t<div class=\"elementor-column elementor-col-100 elementor-top-column elementor-element elementor-element-b6c90aa\" data-id=\"b6c90aa\" data-element_type=\"column\" data-e-type=\"column\">\n\t\t\t<div class=\"elementor-widget-wrap elementor-element-populated\">\n\t\t\t\t\t\t<div class=\"elementor-element elementor-element-f4eb512 elementor-widget elementor-widget-heading\" data-id=\"f4eb512\" data-element_type=\"widget\" data-e-type=\"widget\" data-widget_type=\"heading.default\">\n\t\t\t\t<div class=\"elementor-widget-container\">\n\t\t\t\t\t<h2 class=\"elementor-heading-title elementor-size-default\"><a href=\"https:\/\/www3.archidiecezja.lodz.pl\/akw-it\/wp-content\/uploads\/2023\/04\/Program-nauczania-Studia-magisterskie.pdf\"><br>Program studi\u00f3w magisterskich<br>- wchodz\u0105cy sukcesywnie od roku akad. 2022-2023<br><\/a><\/h2>\t\t\t\t<\/div>\n\t\t\t\t<\/div>\n\t\t\t\t\t<\/div>\n\t\t<\/div>\n\t\t\t\t\t<\/div>\n\t\t<\/section>\n\t\t\t\t<section class=\"elementor-section elementor-top-section elementor-element elementor-element-d2b4b6d elementor-section-boxed elementor-section-height-default elementor-section-height-default\" data-id=\"d2b4b6d\" data-element_type=\"section\" data-e-type=\"section\">\n\t\t\t\t\t\t<div class=\"elementor-container elementor-column-gap-default\">\n\t\t\t\t\t<div class=\"elementor-column elementor-col-100 elementor-top-column elementor-element elementor-element-713cc18\" data-id=\"713cc18\" data-element_type=\"column\" data-e-type=\"column\">\n\t\t\t<div class=\"elementor-widget-wrap elementor-element-populated\">\n\t\t\t\t\t\t<div class=\"elementor-element elementor-element-436277c elementor-widget elementor-widget-spacer\" data-id=\"436277c\" data-element_type=\"widget\" data-e-type=\"widget\" data-widget_type=\"spacer.default\">\n\t\t\t\t<div class=\"elementor-widget-container\">\n\t\t\t\t\t\t\t<div class=\"elementor-spacer\">\n\t\t\t<div class=\"elementor-spacer-inner\"><\/div>\n\t\t<\/div>\n\t\t\t\t\t\t<\/div>\n\t\t\t\t<\/div>\n\t\t\t\t<div class=\"elementor-element elementor-element-98cd9b5 elementor-widget elementor-widget-heading\" data-id=\"98cd9b5\" data-element_type=\"widget\" data-e-type=\"widget\" id=\"sylabusy\" data-widget_type=\"heading.default\">\n\t\t\t\t<div class=\"elementor-widget-container\">\n\t\t\t\t\t<h2 class=\"elementor-heading-title elementor-size-default\">Sylabusy\n<\/h2>\t\t\t\t<\/div>\n\t\t\t\t<\/div>\n\t\t\t\t<div class=\"elementor-element elementor-element-caf54e2 elementor-widget elementor-widget-text-editor\" data-id=\"caf54e2\" data-element_type=\"widget\" data-e-type=\"widget\" data-widget_type=\"text-editor.default\">\n\t\t\t\t<div class=\"elementor-widget-container\">\n\t\t\t\t\t\t\t\t\t<ul><li>Antropologia filozoficzna &#8211; ks. M. Pluta<\/li><li>Archeologia i geografia biblijna &#8211; ks. A. Zawadzki<\/li><li>Dydaktyka. C\u0301wiczenia kat. I. Wolska I<\/li><li>Dydaktyka. C\u0301wiczenia kat. II &#8211; G. Zwolinski<\/li><li>Elementy chrzes\u0301cijan\u0301skie w literaturze polskiej &#8211; U. Dzika-Go\u0301rnik<\/li><li>Etyka &#8211; ks. M. Czajkowski<\/li><li>Filozofia bytu &#8211; ks. D. Kucharski<\/li><li>Historia filozofii &#8211; nowoz\u0307ytna &#8211; ks. D. Kucharski<\/li><li>Historia filozofii &#8211; staroz\u0307ytna i s\u0301redniowieczna &#8211; ks. M. Pluta<\/li><li>Historia filozofii &#8211; wspo\u0301\u0142czesna &#8211; ks. R. Piwowarczyk<\/li><li>Historia Kos\u0301cio\u0142a &#8211; nowoz\u0307ytno\u015b\u0107 &#8211; ks. W. Glinski<\/li><li>Historia Kos\u0301cio\u0142a &#8211; staroz\u0307ytno\u015b\u0107 &#8211; ks. M. Ro\u0301z\u0307anski<\/li><li>Je\u0328zyk angielski I &#8211; D. Zawiasa<\/li><li>Je\u0328zyk angielski II &#8211; D. Zawiasa<\/li><li>Je\u0328zyk angielski III &#8211; D. Zawiasa<\/li><li>Je\u0328zyk angielski IV &#8211; D. Zawiasa<\/li><li>Je\u0328zyk \u0142acin\u0301ski I &#8211; D. Zawiasa<\/li><li>Je\u0328zyk \u0142acin\u0301ski II &#8211; D. Zawiasa<\/li><li>Katechetyka fundamentalna &#8211; ks. M. Wojtasik<\/li><li>Katechetyka materialna &#8211; ks. M. Wojtasik<\/li><li>Katolicka nauka spo\u0142eczna &#8211; ks. S. Skobel<\/li><li>Kos\u0301cio\u0301\u0142 misyjny &#8211; ks. J. Pater<\/li><li>Liturgika I &#8211; ks. T. Cylin\u0301ski<\/li><li>Logika i metodologia &#8211; prof. dr hab. J. Kaczmarek<\/li><li>Moralnos\u0301c\u0301 w Biblii &#8211; ks. S. Skobel<\/li><li>Muzyka i spiew liturgiczny (Liturgika II) &#8211; ks. G. Kopytowski<\/li><li>Patrologia &#8211; ks. P. Szewczyk<\/li><li>Pedagogika &#8211; C\u0301wiczenia &#8211; ks. W. Kaminski<\/li><li>Pedagogika ogo\u0301lna &#8211; s. E. Sozan\u0301ska<\/li><li>Pismo s\u0301wiete &#8211; Dzieje Apostolskie i Pisma Paw\u0142owe &#8211; ks. A. Zawadzki<\/li><li>Pismo s\u0301wie\u0328te &#8211; Ewangelie synoptyczne &#8211; ks. A. Zawadzki<\/li><li>Pismo s\u0301wie\u0328te &#8211; Ksie\u0328gi prorockie &#8211; ks. M. Wochna<\/li><li>Pismo s\u0301wie\u0328te &#8211; Pie\u0328cioksia\u0328g &#8211; ks. M. Wochna<\/li><li>Pismo s\u0301wie\u0328te &#8211; Pisma Janowe &#8211; ks. A. Zawadzki<\/li><li>Pismo s\u0301wie\u0328te &#8211; Psalmy &#8211; ks. A. Zawadzki<\/li><li>Praktyki katechetyczne rok I, II i III &#8211; ks. M. Wojtasik<\/li><li>Prawo kanoniczne &#8211; ks. G. Leszczyn\u0301ski<\/li><li>Proseminarium &#8211; ks. S. Szczyrba<\/li><li>Psychologia og\u00f3lna &#8211; o. M. Bartos<\/li><li>Psychologia osobowo\u015bci &#8211; o. M. Bartos<\/li><li>Wyk\u0142ad z Psychologii Rozwojowej &#8211; o. M. Bartos<\/li><li>\u0106wiczenia z Psychologii Rozwojowej &#8211; o. M. Bartos<\/li><li>Religiologia &#8211; ks. G. Dziewulski<\/li><li>Seminarium magisterskie<\/li><li>Teodycea &#8211; ks. D. Kucharski<\/li><li>Teologia dogmatyczna &#8211; Bo\u0301g Tro\u0301jjedyny, stworzenie &#8211; ks. A. Perzynski<\/li><li>Teologia dogmatyczna &#8211; Chrystologia, soteriologia, eklezjologia i mariologia &#8211; ks. A. Perzynski<\/li><li>Teologia dogmatyczna &#8211; Eschatologia &#8211; ks. A. Perzynski<\/li><li>Teologia dogmatyczna &#8211; \u0141aska &#8211; ks. A. Perzynski<\/li><li>Teologia dogmatyczna &#8211; Sakramentologia &#8211; ks. A. Perzynski<\/li><li>Teologia duchowos\u0301ci &#8211; ks. M. Pietrzyk<\/li><li>Teologia ekumenizmu &#8211; ks. A. Perzynski<\/li><li>Teologia fundamentalna &#8211; ks. G. Dziewulski<\/li><li>Teologia moralna fundamentalna &#8211; ks. J. Kacprzak<\/li><li>Teologia moralna z\u0307ycia osobowego &#8211; ks. S. Skobel<\/li><li>Teologia moralna z\u0307ycia spo\u0142ecznego &#8211; ks. S. Skobel<\/li><li>Teologia pastoralna &#8211; ks. J. Pater<\/li><li>Teoria poznania &#8211; prof. dr hab. J. Kaczmarek<\/li><li>Wste\u0328p do Pisma s\u0301wie\u0328tego &#8211; ks. M. Wochna<\/li><\/ul>\t\t\t\t\t\t\t\t<\/div>\n\t\t\t\t<\/div>\n\t\t\t\t\t<\/div>\n\t\t<\/div>\n\t\t\t\t\t<\/div>\n\t\t<\/section>\n\t\t\t\t<section class=\"elementor-section elementor-top-section elementor-element elementor-element-082bb51 elementor-section-boxed elementor-section-height-default elementor-section-height-default\" data-id=\"082bb51\" data-element_type=\"section\" data-e-type=\"section\">\n\t\t\t\t\t\t<div class=\"elementor-container elementor-column-gap-default\">\n\t\t\t\t\t<div class=\"elementor-column elementor-col-100 elementor-top-column elementor-element elementor-element-227c5cb\" data-id=\"227c5cb\" data-element_type=\"column\" data-e-type=\"column\">\n\t\t\t<div class=\"elementor-widget-wrap elementor-element-populated\">\n\t\t\t\t\t\t<div class=\"elementor-element elementor-element-df0ddde elementor-widget elementor-widget-spacer\" data-id=\"df0ddde\" data-element_type=\"widget\" data-e-type=\"widget\" data-widget_type=\"spacer.default\">\n\t\t\t\t<div class=\"elementor-widget-container\">\n\t\t\t\t\t\t\t<div class=\"elementor-spacer\">\n\t\t\t<div class=\"elementor-spacer-inner\"><\/div>\n\t\t<\/div>\n\t\t\t\t\t\t<\/div>\n\t\t\t\t<\/div>\n\t\t\t\t<div class=\"elementor-element elementor-element-bd4ce48 elementor-widget elementor-widget-heading\" data-id=\"bd4ce48\" data-element_type=\"widget\" data-e-type=\"widget\" id=\"pisanie-pracy\" data-widget_type=\"heading.default\">\n\t\t\t\t<div class=\"elementor-widget-container\">\n\t\t\t\t\t<h2 class=\"elementor-heading-title elementor-size-default\">Pisanie pracy magisterskiej<\/h2>\t\t\t\t<\/div>\n\t\t\t\t<\/div>\n\t\t\t\t<div class=\"elementor-element elementor-element-a555778 elementor-widget elementor-widget-text-editor\" data-id=\"a555778\" data-element_type=\"widget\" data-e-type=\"widget\" data-widget_type=\"text-editor.default\">\n\t\t\t\t<div class=\"elementor-widget-container\">\n\t\t\t\t\t\t\t\t\t<h4>Do pobrania:<\/h4><ul><li><a href=\"https:\/\/www3.archidiecezja.lodz.pl\/akw-it\/wp-content\/uploads\/2022\/06\/Niektore-zasady-pisania\u2013pracy-magisterskiej-na-studiach-zaoczny.pdf\" target=\"_blank\" rel=\"noopener\">Niekto\u0301re zasady pisania pracy magisterskiej na studiach zaocznych<\/a><\/li><li><a href=\"https:\/\/www3.archidiecezja.lodz.pl\/akw-it\/wp-content\/uploads\/2022\/06\/WYMAGANE-DOKUMENTY-DO-EGZAMINU-MAGISTERSKIEGO-PWTW.doc\" target=\"_blank\" rel=\"noopener\">Wymagane dokumenty do egzaminu magisterskiego (AKW)<\/a><\/li><li><a href=\"https:\/\/www3.archidiecezja.lodz.pl\/akw-it\/wp-content\/uploads\/2022\/06\/WYMAGANIA-dotyczace-prac-MAGISTERSKICH-PWTW.doc\" target=\"_blank\" rel=\"noopener\">Wymagania dotycza\u0328ce prac magisterskich (AKW)<\/a><\/li><li><a href=\"https:\/\/www3.archidiecezja.lodz.pl\/akw-it\/wp-content\/uploads\/2022\/06\/JAK_PISAC_PRACE_NAUKOWA_Myskow_1983_-pwtw_2019.docx\" target=\"_blank\" rel=\"noopener\">Elementy metodyki pracy naukowej &#8211; J\u00d3ZEF MY\u015aK\u00d3W (Studia Theol. Vars. 21 (1983) l.<\/a><\/li><\/ul><h4>Jednolity System Antyplagiatowy<\/h4><ul><li style=\"list-style-type: none;\"><ul><li><a href=\"https:\/\/jsa-wiki.opi.org.pl\/doku.php\" target=\"_blank\" rel=\"noopener\">O JSA<\/a><\/li><li><a href=\"https:\/\/www.youtube.com\/watch?v=FCahr2rzISA\" target=\"_blank\" rel=\"noopener\">Raport w systemie JSA<\/a><\/li><\/ul><\/li><\/ul>\t\t\t\t\t\t\t\t<\/div>\n\t\t\t\t<\/div>\n\t\t\t\t\t<\/div>\n\t\t<\/div>\n\t\t\t\t\t<\/div>\n\t\t<\/section>\n\t\t\t\t<\/div>\n\t\t","protected":false},"excerpt":{"rendered":"<p>Informacja o rekrutacji na studia w Instytucie Teologicznym w \u0141odzi Instytut Teologiczny w \u0141odzi prowadzi edukacj\u0119 intelektualn\u0105 i formacj\u0119 duchow\u0105 [&hellip;]<\/p>\n","protected":false},"author":1,"featured_media":0,"parent":1391,"menu_order":0,"comment_status":"closed","ping_status":"closed","template":"","meta":{"site-sidebar-layout":"default","site-content-layout":"","ast-site-content-layout":"default","site-content-style":"default","site-sidebar-style":"default","ast-global-header-display":"","ast-banner-title-visibility":"","ast-main-header-display":"","ast-hfb-above-header-display":"","ast-hfb-below-header-display":"","ast-hfb-mobile-header-display":"","site-post-title":"","ast-breadcrumbs-content":"","ast-featured-img":"","footer-sml-layout":"","ast-disable-related-posts":"","theme-transparent-header-meta":"","adv-header-id-meta":"","stick-header-meta":"","header-above-stick-meta":"","header-main-stick-meta":"","header-below-stick-meta":"","astra-migrate-meta-layouts":"default","ast-page-background-enabled":"default","ast-page-background-meta":{"desktop":{"background-color":"var(--ast-global-color-5)","background-image":"","background-repeat":"repeat","background-position":"center center","background-size":"auto","background-attachment":"scroll","background-type":"","background-media":"","overlay-type":"","overlay-color":"","overlay-opacity":"","overlay-gradient":""},"tablet":{"background-color":"","background-image":"","background-repeat":"repeat","background-position":"center center","background-size":"auto","background-attachment":"scroll","background-type":"","background-media":"","overlay-type":"","overlay-color":"","overlay-opacity":"","overlay-gradient":""},"mobile":{"background-color":"","background-image":"","background-repeat":"repeat","background-position":"center center","background-size":"auto","background-attachment":"scroll","background-type":"","background-media":"","overlay-type":"","overlay-color":"","overlay-opacity":"","overlay-gradient":""}},"ast-content-background-meta":{"desktop":{"background-color":"var(--ast-global-color-4)","background-image":"","background-repeat":"repeat","background-position":"center center","background-size":"auto","background-attachment":"scroll","background-type":"","background-media":"","overlay-type":"","overlay-color":"","overlay-opacity":"","overlay-gradient":""},"tablet":{"background-color":"var(--ast-global-color-4)","background-image":"","background-repeat":"repeat","background-position":"center center","background-size":"auto","background-attachment":"scroll","background-type":"","background-media":"","overlay-type":"","overlay-color":"","overlay-opacity":"","overlay-gradient":""},"mobile":{"background-color":"var(--ast-global-color-4)","background-image":"","background-repeat":"repeat","background-position":"center center","background-size":"auto","background-attachment":"scroll","background-type":"","background-media":"","overlay-type":"","overlay-color":"","overlay-opacity":"","overlay-gradient":""}},"footnotes":""},"class_list":["post-1477","page","type-page","status-publish","hentry"],"_links":{"self":[{"href":"https:\/\/www3.archidiecezja.lodz.pl\/akw-it\/index.php?rest_route=\/wp\/v2\/pages\/1477","targetHints":{"allow":["GET"]}}],"collection":[{"href":"https:\/\/www3.archidiecezja.lodz.pl\/akw-it\/index.php?rest_route=\/wp\/v2\/pages"}],"about":[{"href":"https:\/\/www3.archidiecezja.lodz.pl\/akw-it\/index.php?rest_route=\/wp\/v2\/types\/page"}],"author":[{"embeddable":true,"href":"https:\/\/www3.archidiecezja.lodz.pl\/akw-it\/index.php?rest_route=\/wp\/v2\/users\/1"}],"replies":[{"embeddable":true,"href":"https:\/\/www3.archidiecezja.lodz.pl\/akw-it\/index.php?rest_route=%2Fwp%2Fv2%2Fcomments&post=1477"}],"version-history":[{"count":12,"href":"https:\/\/www3.archidiecezja.lodz.pl\/akw-it\/index.php?rest_route=\/wp\/v2\/pages\/1477\/revisions"}],"predecessor-version":[{"id":3049,"href":"https:\/\/www3.archidiecezja.lodz.pl\/akw-it\/index.php?rest_route=\/wp\/v2\/pages\/1477\/revisions\/3049"}],"up":[{"embeddable":true,"href":"https:\/\/www3.archidiecezja.lodz.pl\/akw-it\/index.php?rest_route=\/wp\/v2\/pages\/1391"}],"wp:attachment":[{"href":"https:\/\/www3.archidiecezja.lodz.pl\/akw-it\/index.php?rest_route=%2Fwp%2Fv2%2Fmedia&parent=1477"}],"curies":[{"name":"wp","href":"https:\/\/api.w.org\/{rel}","templated":true}]}}